{"id":219,"date":"2021-03-22T20:30:13","date_gmt":"2021-03-22T20:30:13","guid":{"rendered":"https:\/\/blepsvision.com\/?page_id=219"},"modified":"2025-04-22T20:08:44","modified_gmt":"2025-04-22T20:08:44","slug":"nosotros","status":"publish","type":"page","link":"https:\/\/blepsvision.com\/en\/nosotros\/","title":{"rendered":"About Us"},"content":{"rendered":"<p>[et_pb_section fb_built=&#8221;1&#8243; admin_label=&#8221;About Section&#8221; _builder_version=&#8221;4.9.1&#8243; background_color=&#8221;#f7f7f7&#8243; custom_padding=&#8221;90px||90px|&#8221; animation_direction=&#8221;top&#8221;][et_pb_row _builder_version=&#8221;4.9.1&#8243; _module_preset=&#8221;default&#8221;][et_pb_column type=&#8221;4_4&#8243; _builder_version=&#8221;4.9.1&#8243; _module_preset=&#8221;default&#8221;][et_pb_text admin_label=&#8221;Title&#8221; _builder_version=&#8221;4.9.1&#8243; text_font=&#8221;||||||||&#8221; text_text_color=&#8221;#446572&#8243; header_font=&#8221;||||||||&#8221; header_text_color=&#8221;#446572&#8243; header_2_font=&#8221;Montserrat|600||on|||||&#8221; header_2_text_align=&#8221;center&#8221; header_2_font_size=&#8221;30px&#8221; custom_margin=&#8221;||5px|&#8221; animation_style=&#8221;slide&#8221; animation_direction=&#8221;top&#8221; animation_intensity_slide=&#8221;20%&#8221; animation_starting_opacity=&#8221;100%&#8221;]<\/p>\n<h2><span style=\"color: #446572;\">NOSOTROS<\/span><\/h2>\n<p>[\/et_pb_text][et_pb_text _builder_version=&#8221;4.9.1&#8243; _module_preset=&#8221;default&#8221; text_font=&#8221;Lato||||||||&#8221; text_text_color=&#8221;#000000&#8243; text_font_size=&#8221;21px&#8221; text_line_height=&#8221;1.5em&#8221; animation_style=&#8221;slide&#8221; animation_direction=&#8221;top&#8221;]<\/p>\n<p class=\"tw-data-text tw-text-large XcVN5d tw-ta\" dir=\"ltr\" style=\"text-align: center;\" data-placeholder=\"Traducci\u00f3n\"><span style=\"font-size: 21px;\">Somos un equipo de creativos y cient\u00edficos, que resuelven problemas de forma transdisciplinaria.<\/span><\/p>\n<p class=\"tw-data-text tw-text-large XcVN5d tw-ta\" dir=\"ltr\" style=\"text-align: center;\" data-placeholder=\"Traducci\u00f3n\"><span lang=\"es\"> Estamos muy comprometidos en construir una empresa que tenga impacto social a trav\u00e9s de la tecnolog\u00eda.<\/span><\/p>\n<p>[\/et_pb_text][\/et_pb_column][\/et_pb_row][\/et_pb_section][et_pb_section fb_built=&#8221;1&#8243; admin_label=&#8221;About Section&#8221; _builder_version=&#8221;4.6.6&#8243; background_color=&#8221;#ffffff&#8221; custom_padding=&#8221;90px||90px|&#8221;][et_pb_row column_structure=&#8221;1_4,1_4,1_4,1_4&#8243; _builder_version=&#8221;4.9.1&#8243; _module_preset=&#8221;default&#8221; custom_padding=&#8221;15px||0px|||&#8221;][et_pb_column type=&#8221;1_4&#8243; _builder_version=&#8221;4.9.1&#8243; _module_preset=&#8221;default&#8221;][et_pb_image src=&#8221;https:\/\/blepsvision.com\/wp-content\/uploads\/2021\/03\/fotos-03.png&#8221; title_text=&#8221;fotos-03&#8243; url=&#8221;https:\/\/www.linkedin.com\/in\/hector-lopez-aguado-698a92a5\/&#8221; _builder_version=&#8221;4.9.1&#8243; _module_preset=&#8221;default&#8221;][\/et_pb_image][et_pb_text _builder_version=&#8221;4.9.1&#8243; _module_preset=&#8221;default&#8221; custom_margin=&#8221;||-51px|||&#8221;]<\/p>\n<p id=\"tw-target-text\" class=\"tw-data-text tw-text-large XcVN5d tw-ta\" dir=\"ltr\" style=\"text-align: center;\" data-placeholder=\"Traducci\u00f3n\"><strong><span lang=\"es\">MSc. H\u00e9ctor L\u00f3pez Aguado A.<\/span><\/strong><\/p>\n<p>[\/et_pb_text][et_pb_text _builder_version=&#8221;4.9.1&#8243; _module_preset=&#8221;default&#8221; custom_padding=&#8221;||44px|||&#8221; custom_margin=&#8221;57px|||||&#8221;]<\/p>\n<p id=\"tw-target-text\" class=\"tw-data-text tw-text-large XcVN5d tw-ta\" dir=\"ltr\" style=\"text-align: center;\" data-placeholder=\"Traducci\u00f3n\"><span lang=\"es\">H\u00e9ctor, reconocido profesor universitario, es un dise\u00f1ador industrial experto en el dise\u00f1o de productos y equipos para la salud, con diversos productos en el mercado. \u00c9l es la mentalidad empresarial del equipo y ha estado al frente de la administraci\u00f3n y gesti\u00f3n de la empresa.<\/span><\/p>\n<p>[\/et_pb_text][\/et_pb_column][et_pb_column type=&#8221;1_4&#8243; _builder_version=&#8221;4.9.1&#8243; _module_preset=&#8221;default&#8221;][et_pb_image src=&#8221;https:\/\/blepsvision.com\/wp-content\/uploads\/2021\/03\/fotos-02.png&#8221; title_text=&#8221;fotos-02&#8243; url=&#8221;https:\/\/www.linkedin.com\/in\/citlaliblepsvision\/&#8221; _builder_version=&#8221;4.9.1&#8243; _module_preset=&#8221;default&#8221;][\/et_pb_image][et_pb_text _builder_version=&#8221;4.9.1&#8243; _module_preset=&#8221;default&#8221;]<\/p>\n<p id=\"tw-target-text\" class=\"tw-data-text tw-text-large XcVN5d tw-ta\" dir=\"ltr\" style=\"text-align: center;\" data-placeholder=\"Traducci\u00f3n\"><strong>MSc. Citlali D\u00edaz\u00a0<span style=\"text-align: left;\">Guti\u00e9rrez<\/span><\/strong><\/p>\n<p>[\/et_pb_text][et_pb_text _builder_version=&#8221;4.9.1&#8243; _module_preset=&#8221;default&#8221;]<\/p>\n<p id=\"tw-target-text\" class=\"tw-data-text tw-text-large XcVN5d tw-ta\" dir=\"ltr\" style=\"text-align: center;\" data-placeholder=\"Traducci\u00f3n\"><span style=\"font-weight: 400;\">Citlali ha sido la L\u00edder del Proyecto desde sus inicios y hasta mediados del 2018, procurando siempre un ambiente de trabajo \u00f3ptimo y el fomento a la cultura organizacional para promover el crecimiento del equipo de desarrollo. Ha sido la conciencia del equipo, es muy organizada y determinada.<\/span><\/p>\n<p>[\/et_pb_text][\/et_pb_column][et_pb_column type=&#8221;1_4&#8243; _builder_version=&#8221;4.9.1&#8243; _module_preset=&#8221;default&#8221;][et_pb_image src=&#8221;https:\/\/blepsvision.com\/wp-content\/uploads\/2021\/03\/fotos-01.png&#8221; title_text=&#8221;fotos-01&#8243; url=&#8221;https:\/\/www.linkedin.com\/in\/rufino-d%C3%ADaz-uribe-85236b95\/&#8221; _builder_version=&#8221;4.9.1&#8243; _module_preset=&#8221;default&#8221;][\/et_pb_image][et_pb_text _builder_version=&#8221;4.9.1&#8243; _module_preset=&#8221;default&#8221; min_height=&#8221;10px&#8221; height__hover_enabled=&#8221;on|desktop&#8221;]<\/p>\n<p style=\"text-align: center;\"><strong>PhD. Rufino D\u00edaz Uribe\u00a0<\/strong><\/p>\n<p>[\/et_pb_text][et_pb_text _builder_version=&#8221;4.9.1&#8243; _module_preset=&#8221;default&#8221; min_height=&#8221;255px&#8221;]<\/p>\n<p style=\"text-align: center;\"><span style=\"font-weight: 400;\">Rufino es nuestro Investigador Senior y Director Cient\u00edfico. \u00c9l es el precursor de TOCO desde hace m\u00e1s de 30 a\u00f1os. Ha publicado una gran cantidad de art\u00edculos cient\u00edficos en el \u00e1rea de pruebas \u00f3pticas; es investigador y miembro del Sistema Nacional de Investigadores del Conacyt.\u00a0<\/span><\/p>\n<p>[\/et_pb_text][\/et_pb_column][et_pb_column type=&#8221;1_4&#8243; _builder_version=&#8221;4.9.1&#8243; _module_preset=&#8221;default&#8221;][et_pb_image src=&#8221;https:\/\/blepsvision.com\/wp-content\/uploads\/2021\/03\/fotos-04.png&#8221; title_text=&#8221;fotos-04&#8243; url=&#8221;https:\/\/www.linkedin.com\/in\/amilcarestrada\/&#8221; _builder_version=&#8221;4.9.1&#8243; _module_preset=&#8221;default&#8221;][\/et_pb_image][et_pb_text _builder_version=&#8221;4.9.1&#8243; _module_preset=&#8221;default&#8221;]<\/p>\n<p style=\"text-align: center;\"><strong>PhD. Am\u00edlcar Estrada Molina<\/strong><\/p>\n<p>[\/et_pb_text][et_pb_text _builder_version=&#8221;4.9.1&#8243; _module_preset=&#8221;default&#8221;]<\/p>\n<p style=\"text-align: center;\"><span lang=\"es\">Am\u00edlcar es co-inventor de TOCO: la tecnolog\u00eda fue desarrollada durante su tesis de Maestr\u00eda y Doctorado. Tiene experiencia en investigaci\u00f3n e innovaci\u00f3n en alta tecnolog\u00eda de dispositivos m\u00e9dicos. <\/span><span lang=\"es\">Actualmente vive en Barranquilla, Colombia<\/span><\/p>\n<p>[\/et_pb_text][\/et_pb_column][\/et_pb_row][et_pb_row column_structure=&#8221;1_4,1_4,1_4,1_4&#8243; _builder_version=&#8221;4.9.1&#8243; _module_preset=&#8221;default&#8221; custom_padding=&#8221;15px||0px|||&#8221;][et_pb_column type=&#8221;1_4&#8243; _builder_version=&#8221;4.9.1&#8243; _module_preset=&#8221;default&#8221;][et_pb_image src=&#8221;https:\/\/blepsvision.com\/wp-content\/uploads\/2021\/03\/fotos-09.png&#8221; title_text=&#8221;fotos-09&#8243; url=&#8221;https:\/\/www.linkedin.com\/in\/pilar-selene-linares-ar%C3%A9valo-69642a186\/&#8221; _builder_version=&#8221;4.9.1&#8243; _module_preset=&#8221;default&#8221;][\/et_pb_image][et_pb_text _builder_version=&#8221;4.9.1&#8243; _module_preset=&#8221;default&#8221; min_height=&#8221;10px&#8221; custom_padding=&#8221;||0px|||&#8221; link_option_url=&#8221;https:\/\/www.linkedin.com\/in\/pilar-selene-linares-ar%C3%A9valo-69642a186\/&#8221;]<\/p>\n<p id=\"tw-target-text\" class=\"tw-data-text tw-text-large XcVN5d tw-ta\" dir=\"ltr\" style=\"text-align: center;\" data-placeholder=\"Traducci\u00f3n\"><strong><span lang=\"es\">MSc. Selene Linares Ar\u00e9valo<\/span><\/strong><\/p>\n<p>[\/et_pb_text][et_pb_text _builder_version=&#8221;4.9.1&#8243; _module_preset=&#8221;default&#8221;]<\/p>\n<p id=\"tw-target-text\" class=\"tw-data-text tw-text-large XcVN5d tw-ta\" dir=\"ltr\" style=\"text-align: center;\" data-placeholder=\"Traducci\u00f3n\"><span lang=\"es\">Selene ha estado en el equipo desde 2016, liderando y trabajando con el equipo de software. Ha sido profesora en la UNAM y actualmente se encuentra realizando su doctorado en la UNSW en Australia.<\/span><\/p>\n<p>[\/et_pb_text][\/et_pb_column][et_pb_column type=&#8221;1_4&#8243; _builder_version=&#8221;4.9.1&#8243; _module_preset=&#8221;default&#8221;][et_pb_image src=&#8221;https:\/\/blepsvision.com\/wp-content\/uploads\/2021\/03\/fotos-11.png&#8221; title_text=&#8221;fotos-11&#8243; _builder_version=&#8221;4.9.1&#8243; _module_preset=&#8221;default&#8221;][\/et_pb_image][et_pb_text _builder_version=&#8221;4.9.1&#8243; _module_preset=&#8221;default&#8221;]<\/p>\n<p id=\"tw-target-text\" class=\"tw-data-text tw-text-large XcVN5d tw-ta\" dir=\"ltr\" style=\"text-align: center;\" data-placeholder=\"Traducci\u00f3n\"><b>PhD. Gustavo Ramos Becerra<\/b><\/p>\n<p>[\/et_pb_text][et_pb_text _builder_version=&#8221;4.9.1&#8243; _module_preset=&#8221;default&#8221;]<\/p>\n<p style=\"text-align: center;\">Gustavo es un experto en creaci\u00f3n de algoritmos y procesamiento de im\u00e1genes. Desde el 2018 Gustavo ha desarrollado y mejorado los algoritmos de TOCO y ha integrado los m\u00f3dulos de calibraci\u00f3n del dispositivo.<\/p>\n<p>[\/et_pb_text][\/et_pb_column][et_pb_column type=&#8221;1_4&#8243; _builder_version=&#8221;4.9.1&#8243; _module_preset=&#8221;default&#8221;][et_pb_image src=&#8221;https:\/\/blepsvision.com\/wp-content\/uploads\/2021\/03\/fotos-15.png&#8221; title_text=&#8221;fotos-15&#8243; url=&#8221;https:\/\/www.linkedin.com\/in\/bogar-pati%C3%B1o-b62b632b\/&#8221; _builder_version=&#8221;4.9.1&#8243; _module_preset=&#8221;default&#8221;][\/et_pb_image][et_pb_text _builder_version=&#8221;4.9.1&#8243; _module_preset=&#8221;default&#8221; min_height=&#8221;10px&#8221; height__hover_enabled=&#8221;on|desktop&#8221;]<\/p>\n<p style=\"text-align: center;\"><strong>Ing. Bogar Pati\u00f1o Roa<\/strong><\/p>\n<p>[\/et_pb_text][et_pb_text _builder_version=&#8221;4.9.1&#8243; _module_preset=&#8221;default&#8221;]<\/p>\n<p style=\"text-align: center;\">Bogar es ingeniero mec\u00e1nico, tiene 11 a\u00f1os de experiencia en el dise\u00f1o y desarrollo de dispositivos m\u00e9dicos. Bogar ha sido parte del equipo desde el 2016, es experto en pruebas de verificaci\u00f3n y calibraci\u00f3n del dispositivo.<\/p>\n<p>[\/et_pb_text][\/et_pb_column][et_pb_column type=&#8221;1_4&#8243; _builder_version=&#8221;4.9.1&#8243; _module_preset=&#8221;default&#8221;][et_pb_image src=&#8221;https:\/\/blepsvision.com\/wp-content\/uploads\/2021\/03\/mc-1.png&#8221; title_text=&#8221;mc&#8221; url=&#8221;https:\/\/www.linkedin.com\/in\/mariana-cervantes-mac%C3%ADas-b5890aa3\/&#8221; _builder_version=&#8221;4.9.1&#8243; _module_preset=&#8221;default&#8221;][\/et_pb_image][et_pb_text _builder_version=&#8221;4.9.1&#8243; _module_preset=&#8221;default&#8221;]<\/p>\n<p style=\"text-align: center;\"><strong>DI. Mariana Cervantes Mac\u00edas<\/strong><\/p>\n<p>[\/et_pb_text][et_pb_text _builder_version=&#8221;4.9.1&#8243; _module_preset=&#8221;default&#8221;]<\/p>\n<p style=\"text-align: center;\"><span style=\"font-weight: 400;\">Mariana desarroll\u00f3 durante el 2018 el dise\u00f1o actual del dispositivo, y trabaj\u00f3 en el dise\u00f1o de la interfaz del software en 2022. Es una apasionada por la tecnolog\u00eda y la cultura de Bleps Vision. Ha continuado su desarrollo profesional colaborando con varias empresas del ecosistema emprendedor.<\/span><\/p>\n<p>[\/et_pb_text][\/et_pb_column][\/et_pb_row][\/et_pb_section]<\/p>","protected":false},"excerpt":{"rendered":"<p>[et_pb_section fb_built=&#8221;1&#8243; admin_label=&#8221;About Section&#8221; _builder_version=&#8221;4.9.1&#8243; background_color=&#8221;#f7f7f7&#8243; custom_padding=&#8221;90px||90px|&#8221; animation_direction=&#8221;top&#8221;][et_pb_row _builder_version=&#8221;4.9.1&#8243; _module_preset=&#8221;default&#8221;][et_pb_column type=&#8221;4_4&#8243; _builder_version=&#8221;4.9.1&#8243; _module_preset=&#8221;default&#8221;][et_pb_text admin_label=&#8221;Title&#8221; _builder_version=&#8221;4.9.1&#8243; text_font=&#8221;||||||||&#8221; text_text_color=&#8221;#446572&#8243; header_font=&#8221;||||||||&#8221; header_text_color=&#8221;#446572&#8243; header_2_font=&#8221;Montserrat|600||on|||||&#8221; header_2_text_align=&#8221;center&#8221; header_2_font_size=&#8221;30px&#8221; custom_margin=&#8221;||5px|&#8221; animation_style=&#8221;slide&#8221; animation_direction=&#8221;top&#8221; animation_intensity_slide=&#8221;20%&#8221; animation_starting_opacity=&#8221;100%&#8221;] NOSOTROS [\/et_pb_text][et_pb_text _builder_version=&#8221;4.9.1&#8243; _module_preset=&#8221;default&#8221; text_font=&#8221;Lato||||||||&#8221; text_text_color=&#8221;#000000&#8243; text_font_size=&#8221;21px&#8221; text_line_height=&#8221;1.5em&#8221; animation_style=&#8221;slide&#8221; animation_direction=&#8221;top&#8221;] Somos un equipo de creativos y cient\u00edficos, que resuelven problemas de forma transdisciplinaria. Estamos muy comprometidos en construir [&hellip;]<\/p>","protected":false},"author":3,"featured_media":0,"parent":0,"menu_order":0,"comment_status":"closed","ping_status":"closed","template":"","meta":{"nf_dc_page":"","_et_pb_use_builder":"on","_et_pb_old_content":"","_et_gb_content_width":"","footnotes":""},"class_list":["post-219","page","type-page","status-publish","hentry"],"jetpack_sharing_enabled":true,"_links":{"self":[{"href":"https:\/\/blepsvision.com\/en\/wp-json\/wp\/v2\/pages\/219","targetHints":{"allow":["GET"]}}],"collection":[{"href":"https:\/\/blepsvision.com\/en\/wp-json\/wp\/v2\/pages"}],"about":[{"href":"https:\/\/blepsvision.com\/en\/wp-json\/wp\/v2\/types\/page"}],"author":[{"embeddable":true,"href":"https:\/\/blepsvision.com\/en\/wp-json\/wp\/v2\/users\/3"}],"replies":[{"embeddable":true,"href":"https:\/\/blepsvision.com\/en\/wp-json\/wp\/v2\/comments?post=219"}],"version-history":[{"count":5,"href":"https:\/\/blepsvision.com\/en\/wp-json\/wp\/v2\/pages\/219\/revisions"}],"predecessor-version":[{"id":720,"href":"https:\/\/blepsvision.com\/en\/wp-json\/wp\/v2\/pages\/219\/revisions\/720"}],"wp:attachment":[{"href":"https:\/\/blepsvision.com\/en\/wp-json\/wp\/v2\/media?parent=219"}],"curies":[{"name":"wp","href":"https:\/\/api.w.org\/{rel}","templated":true}]}}